{"id":143,"date":"2021-05-15T20:15:30","date_gmt":"2021-05-15T19:15:30","guid":{"rendered":"https:\/\/simonavelkoborska.cz.uvds443.active24.cz\/?page_id=143"},"modified":"2021-06-22T15:57:27","modified_gmt":"2021-06-22T14:57:27","slug":"cenik","status":"publish","type":"page","link":"https:\/\/www.simonavelkoborska.cz\/index.php\/cenik\/","title":{"rendered":"Cen\u00edk"},"content":{"rendered":"\t\t<div data-elementor-type=\"wp-page\" data-elementor-id=\"143\" class=\"elementor elementor-143\" data-elementor-settings=\"{&quot;ha_cmc_init_switcher&quot;:&quot;no&quot;}\">\n\t\t\t\t\t\t<section class=\"elementor-section elementor-top-section elementor-element elementor-element-acc3c08 elementor-section-boxed elementor-section-height-default elementor-section-height-default\" data-id=\"acc3c08\" data-element_type=\"section\" data-e-type=\"section\" data-settings=\"{&quot;_ha_eqh_enable&quot;:false}\">\n\t\t\t\t\t\t<div class=\"elementor-container elementor-column-gap-default\">\n\t\t\t\t\t<div class=\"elementor-column elementor-col-100 elementor-top-column elementor-element elementor-element-3969ce2\" data-id=\"3969ce2\" data-element_type=\"column\" data-e-type=\"column\">\n\t\t\t<div class=\"elementor-widget-wrap elementor-element-populated\">\n\t\t\t\t\t\t<section class=\"elementor-section elementor-inner-section elementor-element elementor-element-b514052 elementor-section-boxed elementor-section-height-default elementor-section-height-default\" data-id=\"b514052\" data-element_type=\"section\" data-e-type=\"section\" data-settings=\"{&quot;_ha_eqh_enable&quot;:false}\">\n\t\t\t\t\t\t<div class=\"elementor-container elementor-column-gap-default\">\n\t\t\t\t\t<div class=\"elementor-column elementor-col-100 elementor-inner-column elementor-element elementor-element-9bc6682\" data-id=\"9bc6682\" data-element_type=\"column\" data-e-type=\"column\">\n\t\t\t<div class=\"elementor-widget-wrap elementor-element-populated\">\n\t\t\t\t\t\t<div class=\"elementor-element elementor-element-3214541 elementor-widget elementor-widget-price-list\" data-id=\"3214541\" data-element_type=\"widget\" data-e-type=\"widget\" data-widget_type=\"price-list.default\">\n\t\t\t\t<div class=\"elementor-widget-container\">\n\t\t\t\t\t\n\t\t<ul class=\"elementor-price-list\">\n\n\t\t\t\t\t\t\t\t\t<li class=\"elementor-price-list-item\">\t\t\t\t\t\t\t\t\t<div class=\"elementor-price-list-image\">\n\t\t\t\t\t<img decoding=\"async\" src=\"https:\/\/www.simonavelkoborska.cz\/wp-content\/uploads\/elementor\/thumbs\/RODINY-A-DETI-p72vnhp2e0dnu47z3g9xu367a1juiynu1v7x05dokg.jpg\" alt=\"D\u011aTI, RODINA, L\u00c1SKA \u2013 P\u00c1RY\" \/>\t\t\t\t<\/div>\n\t\t\t\t\n\t\t\t\t<div class=\"elementor-price-list-text\">\n\t\t\t\t\t\t\t\t\t<div class=\"elementor-price-list-header\">\n\t\t\t\t\t\t\t\t\t\t\t<span class=\"elementor-price-list-title\">\n\t\t\t\t\t\t\tD\u011aTI, RODINA, L\u00c1SKA \u2013 P\u00c1RY\t\t\t\t\t\t<\/span>\n\t\t\t\t\t\t\t\t\t\t\t\t\t\t\t\t\t\t<span class=\"elementor-price-list-separator\"><\/span>\n\t\t\t\t\t\t\t\t\t\t\t\t\t\t\t\t\t\t\t<span class=\"elementor-price-list-price\">2100 K\u010d<\/span>\n\t\t\t\t\t\t\t\t\t\t<\/div>\n\t\t\t\t\t\t\t\t\t\t\t\t\t\t\t<p class=\"elementor-price-list-description\">\n\t\t\t\t\t\t\t1 hodina fotografov\u00e1n\u00ed \u2013 10 ks upraven\u00fdch fotografi\u00ed v elektronick\u00e9 podob\u011b ve dvou velikostech \/ pln\u00e9 rozli\u0161en\u00ed a zmen\u0161en\u00e9 na soci\u00e1ln\u00ed s\u00edt\u011b \/, ka\u017ed\u00e1 dal\u0161\u00ed fotografie 150,- \/ nad 20 ks ka\u017ed\u00e1 dal\u0161\u00ed 100,- \/ - 2100,- \u2026.. MIX \/ ateli\u00e9r + exteri\u00e9r \/ - 2800,- ..... v\u011bt\u0161inou fot\u00edm v Kl\u00e1novick\u00e9m lese nebo okol\u00ed\t\t\t\t\t\t<\/p>\n\t\t\t\t\t\t\t\t<\/div>\n\t\t\t\t<\/li>\t\t\t\t\t\t\t\t\t\t\t\t<li class=\"elementor-price-list-item\">\t\t\t\t\t\t\t\t\t<div class=\"elementor-price-list-image\">\n\t\t\t\t\t<img decoding=\"async\" src=\"https:\/\/www.simonavelkoborska.cz\/wp-content\/uploads\/elementor\/thumbs\/PORTRETY-set-p72vnhp2e0dnu47z3g9xu367a1juiynu1v7x05dokg.jpg\" alt=\"PORTR\u00c9T a FASHION PORTR\u00c9T\" \/>\t\t\t\t<\/div>\n\t\t\t\t\n\t\t\t\t<div class=\"elementor-price-list-text\">\n\t\t\t\t\t\t\t\t\t<div class=\"elementor-price-list-header\">\n\t\t\t\t\t\t\t\t\t\t\t<span class=\"elementor-price-list-title\">\n\t\t\t\t\t\t\tPORTR\u00c9T a FASHION PORTR\u00c9T\t\t\t\t\t\t<\/span>\n\t\t\t\t\t\t\t\t\t\t\t\t\t\t\t\t\t\t<span class=\"elementor-price-list-separator\"><\/span>\n\t\t\t\t\t\t\t\t\t\t\t\t\t\t\t\t\t\t\t<span class=\"elementor-price-list-price\">3800 K\u010d<\/span>\n\t\t\t\t\t\t\t\t\t\t<\/div>\n\t\t\t\t\t\t\t\t\t\t\t\t\t\t\t<p class=\"elementor-price-list-description\">\n\t\t\t\t\t\t\tateli\u00e9r - \u010dern\u00e9 nebo b\u00edl\u00e9 pozad\u00ed \/ k zap\u016fj\u010den\u00ed oble\u010den\u00ed a dopl\u0148ky \u2013 1 hodina fotografov\u00e1n\u00ed \u2013 10 ks upraven\u00fdch fotografi\u00ed v elektronick\u00e9 podob\u011b ka\u017ed\u00e1 ve dvou velikostech \/ pln\u00e9 rozli\u0161en\u00ed a zmen\u0161en\u00e9 na soci\u00e1ln\u00ed s\u00edt\u011b \/ ka\u017ed\u00e1 dal\u0161\u00ed fotografie 200,- \/ - 3800,- ..... MIX \/ ateli\u00e9r + exteri\u00e9r \/ - 4500,- ..... u portr\u00e9tu maxim\u00e1ln\u011b doporu\u010duji viz\u00e1\u017e v cen\u011b 850,- K\u010d\t\t\t\t\t\t<\/p>\n\t\t\t\t\t\t\t\t<\/div>\n\t\t\t\t<\/li>\t\t\t\t\t\t\t\t\t\t\t\t<li class=\"elementor-price-list-item\">\t\t\t\t\t\t\t\t\t<div class=\"elementor-price-list-image\">\n\t\t\t\t\t<img decoding=\"async\" src=\"https:\/\/www.simonavelkoborska.cz\/wp-content\/uploads\/elementor\/thumbs\/120369897_2713430675563101_2525719162262899925_o-p7f2auaf2hjosyekpclj5720jzzxkd855sidlrdz8g.jpg\" alt=\"V\u00cdLY V O\u010cEK\u00c1V\u00c1N\u00cd \" \/>\t\t\t\t<\/div>\n\t\t\t\t\n\t\t\t\t<div class=\"elementor-price-list-text\">\n\t\t\t\t\t\t\t\t\t<div class=\"elementor-price-list-header\">\n\t\t\t\t\t\t\t\t\t\t\t<span class=\"elementor-price-list-title\">\n\t\t\t\t\t\t\tV\u00cdLY V O\u010cEK\u00c1V\u00c1N\u00cd \t\t\t\t\t\t<\/span>\n\t\t\t\t\t\t\t\t\t\t\t\t\t\t\t\t\t\t<span class=\"elementor-price-list-separator\"><\/span>\n\t\t\t\t\t\t\t\t\t\t\t\t\t\t\t\t\t\t\t<span class=\"elementor-price-list-price\">2500 K\u010d<\/span>\n\t\t\t\t\t\t\t\t\t\t<\/div>\n\t\t\t\t\t\t\t\t\t\t\t\t\t\t\t<p class=\"elementor-price-list-description\">\n\t\t\t\t\t\t\tk zap\u016fj\u010den\u00ed \u0161aty, v\u011bnce a \u010delenky \u2013 1 hodina fotografov\u00e1n\u00ed \u2013 10 ks upraven\u00fdch fotografi\u00ed v elektronick\u00e9 podob\u011b ve dvou velikostech \/ pln\u00e9 rozli\u0161en\u00ed a zmen\u0161en\u00e9 na soci\u00e1ln\u00ed s\u00edt\u011b \/, ka\u017ed\u00e1 dal\u0161\u00ed fotografie 150,- \/ nad 20 ks ka\u017ed\u00e1 dal\u0161\u00ed 100,-\t\t\t\t\t\t<\/p>\n\t\t\t\t\t\t\t\t<\/div>\n\t\t\t\t<\/li>\t\t\t\t\t\t\t\t\t\t\t\t<li class=\"elementor-price-list-item\">\t\t\t\t\t\t\t\t\t<div class=\"elementor-price-list-image\">\n\t\t\t\t\t<img decoding=\"async\" src=\"https:\/\/www.simonavelkoborska.cz\/wp-content\/uploads\/elementor\/thumbs\/FOCENI-SE-ZVIRATY-set-p72vnhp2e0dnu47z3g9xu367a1juiynu1v7x05dokg.jpg\" alt=\"FOCEN\u00cd S PRAV\u00ddM VLKEM\" \/>\t\t\t\t<\/div>\n\t\t\t\t\n\t\t\t\t<div class=\"elementor-price-list-text\">\n\t\t\t\t\t\t\t\t\t<div class=\"elementor-price-list-header\">\n\t\t\t\t\t\t\t\t\t\t\t<span class=\"elementor-price-list-title\">\n\t\t\t\t\t\t\tFOCEN\u00cd S PRAV\u00ddM VLKEM\t\t\t\t\t\t<\/span>\n\t\t\t\t\t\t\t\t\t\t\t\t\t\t\t\t\t\t<span class=\"elementor-price-list-separator\"><\/span>\n\t\t\t\t\t\t\t\t\t\t\t\t\t\t\t\t<\/div>\n\t\t\t\t\t\t\t\t\t\t\t\t\t\t\t<p class=\"elementor-price-list-description\">\n\t\t\t\t\t\t\tv cen\u011b je viz\u00e1\u017e, outfit \/ indi\u00e1nsk\u00fd nebo zap\u016fj\u010den\u00ed luxusn\u00edch dlouh\u00fdch \u0161at\u016f, v\u011bnc\u016f a \u010delenek atd \/, styling, odborn\u00e9 veden\u00ed vlka + cestovn\u00e9 majitelky vlka \u2013 focen\u00ed trv\u00e1 cca 30 min. \/ p\u0159edch\u00e1z\u00ed mu viz\u00e1\u017e a v\u00fdb\u011br outfitu \/, fot\u00edm v chr\u00e1n\u011bn\u00e9 krajinn\u00e9 oblasti 4 km od \u00daval na Praze v\u00fdchod, jako d\u00e1rek ode m\u011b dostanete hand made lapa\u010d sn\u016f\u2026\u20265 fotek v elektronick\u00e9 podob\u011b \/ pln\u00e9 rozli\u0161en\u00ed a zmen\u0161en\u00e9 na soci\u00e1ln\u00ed s\u00edt\u011b \/, ka\u017ed\u00e1 dal\u0161\u00ed fotografie 200,-. Pro bli\u017e\u0161\u00ed informace, ceny a term\u00edny m\u011b kontaktujte\t\t\t\t\t\t<\/p>\n\t\t\t\t\t\t\t\t<\/div>\n\t\t\t\t<\/li>\t\t\t\t\t\t\t\t\t\t\t\t<li><a class=\"elementor-price-list-item\" href=\"#\">\t\t\t\t\t\t\t\t\t<div class=\"elementor-price-list-image\">\n\t\t\t\t\t<img decoding=\"async\" src=\"https:\/\/www.simonavelkoborska.cz\/wp-content\/uploads\/elementor\/thumbs\/003-p7f2auaf2hjosyekpclj5720jzzxkd855sidlrdz8g.jpg\" alt=\"FOCEN\u00cd SE SOVAMI\" \/>\t\t\t\t<\/div>\n\t\t\t\t\n\t\t\t\t<div class=\"elementor-price-list-text\">\n\t\t\t\t\t\t\t\t\t<div class=\"elementor-price-list-header\">\n\t\t\t\t\t\t\t\t\t\t\t<span class=\"elementor-price-list-title\">\n\t\t\t\t\t\t\tFOCEN\u00cd SE SOVAMI\t\t\t\t\t\t<\/span>\n\t\t\t\t\t\t\t\t\t\t\t\t\t\t\t\t\t\t<span class=\"elementor-price-list-separator\"><\/span>\n\t\t\t\t\t\t\t\t\t\t\t\t\t\t\t\t\t\t\t<span class=\"elementor-price-list-price\">3900 K\u010d<\/span>\n\t\t\t\t\t\t\t\t\t\t<\/div>\n\t\t\t\t\t\t\t\t\t\t\t\t\t\t\t<p class=\"elementor-price-list-description\">\n\t\t\t\t\t\t\tv cen\u011b je viz\u00e1\u017e, outfit \/ zap\u016fj\u010den\u00ed \u0161at\u016f, v\u011bnc\u016f a \u010delenek \/, styling, odborn\u00e9 veden\u00ed sovy + cestovn\u00e9 majitele  \u2013 focen\u00ed trv\u00e1 cca 30 min. \/ p\u0159edch\u00e1z\u00ed mu viz\u00e1\u017e a v\u00fdb\u011br outfitu \/, fot\u00edm v chr\u00e1n\u011bn\u00e9 krajinn\u00e9 oblasti 4 km od \u00daval na Praze v\u00fdchod \u2026\u20265 fotek v elektronick\u00e9 podob\u011b \/ pln\u00e9 rozli\u0161en\u00ed a zmen\u0161en\u00e9 na soci\u00e1ln\u00ed s\u00edt\u011b \/, ka\u017ed\u00e1 dal\u0161\u00ed fotografie 200,-  ...focen\u00ed je vhodn\u00e9 i pro d\u011bti, kter\u00e9 se neboj\u00ed \/ u d\u011bt\u00ed je cena pon\u00ed\u017eena o viz\u00e1\u017e \/\t\t\t\t\t\t<\/p>\n\t\t\t\t\t\t\t\t<\/div>\n\t\t\t\t<\/a><\/li>\t\t\t\t\t\t\t\t\t\t\t\t<li class=\"elementor-price-list-item\">\t\t\t\t\t\t\t\t\t<div class=\"elementor-price-list-image\">\n\t\t\t\t\t<img decoding=\"async\" src=\"https:\/\/www.simonavelkoborska.cz\/wp-content\/uploads\/elementor\/thumbs\/014-p7f2auaf2hjosyekpclj5720jzzxkd855sidlrdz8g.jpg\" alt=\"NEWBORN\" \/>\t\t\t\t<\/div>\n\t\t\t\t\n\t\t\t\t<div class=\"elementor-price-list-text\">\n\t\t\t\t\t\t\t\t\t<div class=\"elementor-price-list-header\">\n\t\t\t\t\t\t\t\t\t\t\t<span class=\"elementor-price-list-title\">\n\t\t\t\t\t\t\tNEWBORN\t\t\t\t\t\t<\/span>\n\t\t\t\t\t\t\t\t\t\t\t\t\t\t\t\t\t\t<span class=\"elementor-price-list-separator\"><\/span>\n\t\t\t\t\t\t\t\t\t\t\t\t\t\t\t\t\t\t\t<span class=\"elementor-price-list-price\">2500 K\u010d<\/span>\n\t\t\t\t\t\t\t\t\t\t<\/div>\n\t\t\t\t\t\t\t\t\t\t\t\t\t\t\t<p class=\"elementor-price-list-description\">\n\t\t\t\t\t\t\tko\u0161\u00edkov\u00e1 focen\u00ed ode m\u011b ne\u010dekejte \u2013 fot\u00edm emoce a l\u00e1sku spolu s rodi\u010di \/- 1 hodina fotografov\u00e1n\u00ed \u2013 10 ks upraven\u00fdch fotografi\u00ed v elektronick\u00e9 podob\u011b ve dvou velikostech \/ pln\u00e9 rozli\u0161en\u00ed a zmen\u0161en\u00e9 na soci\u00e1ln\u00ed s\u00edt\u011b \/, ka\u017ed\u00e1 dal\u0161\u00ed fotografie 150,- \/ nad 20 ks ka\u017ed\u00e1 dal\u0161\u00ed 100,- \/ -  2500,- ..... focen\u00ed u v\u00e1s doma \u2013 2900,-\t\t\t\t\t\t<\/p>\n\t\t\t\t\t\t\t\t<\/div>\n\t\t\t\t<\/li>\t\t\t\t\t\t\t\t\t\t\t\t<li class=\"elementor-price-list-item\">\t\t\t\t\t\t\t\t\t<div class=\"elementor-price-list-image\">\n\t\t\t\t\t<img decoding=\"async\" src=\"https:\/\/www.simonavelkoborska.cz\/wp-content\/uploads\/elementor\/thumbs\/010-1-p7r8y6vrqypprsl6b8x4gaxttyg0lrsg9psu7de9wg.jpg\" alt=\"LIFESTYLE\" \/>\t\t\t\t<\/div>\n\t\t\t\t\n\t\t\t\t<div class=\"elementor-price-list-text\">\n\t\t\t\t\t\t\t\t\t<div class=\"elementor-price-list-header\">\n\t\t\t\t\t\t\t\t\t\t\t<span class=\"elementor-price-list-title\">\n\t\t\t\t\t\t\tLIFESTYLE\t\t\t\t\t\t<\/span>\n\t\t\t\t\t\t\t\t\t\t\t\t\t\t\t\t\t\t<span class=\"elementor-price-list-separator\"><\/span>\n\t\t\t\t\t\t\t\t\t\t\t\t\t\t\t\t\t\t\t<span class=\"elementor-price-list-price\">2700 K\u010d<\/span>\n\t\t\t\t\t\t\t\t\t\t<\/div>\n\t\t\t\t\t\t\t\t\t\t\t\t\t\t\t<p class=\"elementor-price-list-description\">\n\t\t\t\t\t\t\t1 hodina fotografov\u00e1n\u00ed \u2013 10 ks upraven\u00fdch fotografi\u00ed v elektronick\u00e9 podob\u011b ve dvou velikostech \/ pln\u00e9 rozli\u0161en\u00ed a zmen\u0161en\u00e9 na soci\u00e1ln\u00ed s\u00edt\u011b\/, ka\u017ed\u00e1 dal\u0161\u00ed fotografie 150,- \u2013 dopravn\u00e9 6 k\u010d \/ km\t\t\t\t\t\t<\/p>\n\t\t\t\t\t\t\t\t<\/div>\n\t\t\t\t<\/li>\t\t\t\t\t\t\t\t\t\t\t\t<li class=\"elementor-price-list-item\">\t\t\t\t\t\t\t\t\t<div class=\"elementor-price-list-image\">\n\t\t\t\t\t<img decoding=\"async\" src=\"https:\/\/www.simonavelkoborska.cz\/wp-content\/uploads\/elementor\/thumbs\/Boudoir-7-p783n7nxjcvo91q8cu4me9z9jgbb9a1oiz799et8kg.jpg\" alt=\"BOUDOIR a GLAMOUR\" \/>\t\t\t\t<\/div>\n\t\t\t\t\n\t\t\t\t<div class=\"elementor-price-list-text\">\n\t\t\t\t\t\t\t\t\t<div class=\"elementor-price-list-header\">\n\t\t\t\t\t\t\t\t\t\t\t<span class=\"elementor-price-list-title\">\n\t\t\t\t\t\t\tBOUDOIR a GLAMOUR\t\t\t\t\t\t<\/span>\n\t\t\t\t\t\t\t\t\t\t\t\t\t\t\t\t\t\t<span class=\"elementor-price-list-separator\"><\/span>\n\t\t\t\t\t\t\t\t\t\t\t\t\t\t\t\t\t\t\t<span class=\"elementor-price-list-price\">5500 K\u010d<\/span>\n\t\t\t\t\t\t\t\t\t\t<\/div>\n\t\t\t\t\t\t\t\t\t\t\t\t\t\t\t<p class=\"elementor-price-list-description\">\n\t\t\t\t\t\t\tv cen\u011b je viz\u00e1\u017e, \u00faprava vlas\u016f v d\u00e9lce 60 min, k zap\u016fj\u010den\u00ed oble\u010den\u00ed, dopl\u0148ky a \u0161perky \u20131 hodina samotn\u00e9 fotografov\u00e1n\u00ed \u2013 10 ks upraven\u00fdch fotografi\u00ed v elektronick\u00e9 podob\u011b \/ pln\u00e9 rozli\u0161en\u00ed a zmen\u0161en\u00e9 na soci\u00e1ln\u00ed s\u00edt\u011b \/, ka\u017ed\u00e1 dal\u0161\u00ed fotografie 200,-.\t\t\t\t\t\t<\/p>\n\t\t\t\t\t\t\t\t<\/div>\n\t\t\t\t<\/li>\t\t\t\t\t\n\t\t<\/ul>\n\n\t\t\t\t\t\t<\/div>\n\t\t\t\t<\/div>\n\t\t\t\t<div class=\"elementor-element elementor-element-e858255 ha-has-bg-overlay elementor-widget elementor-widget-text-editor\" data-id=\"e858255\" data-element_type=\"widget\" data-e-type=\"widget\" data-widget_type=\"text-editor.default\">\n\t\t\t\t<div class=\"elementor-widget-container\">\n\t\t\t\t\t\t\t\t\t<p><span style=\"font-weight: 400;\">SVATEBN\u00cd FOCEN\u00cd &#8211; cen\u00edk v\u00e1m r\u00e1da za\u0161lu na mail spolu s dal\u0161\u00edmi informacemi<\/span><\/p><p><span style=\"font-weight: 400;\">Ji\u017e zaslan\u00e9 z\u00e1lohy jsou nevratn\u00e9 (svateb se t\u00fdk\u00e1 pouze v p\u0159\u00edpad\u011b, \u017ee je zru\u0161ena d\u0159\u00edve ne\u017e 3 m\u011bs. p\u0159ed term\u00ednem)<\/span><\/p>\t\t\t\t\t\t\t\t<\/div>\n\t\t\t\t<\/div>\n\t\t\t\t\t<\/div>\n\t\t<\/div>\n\t\t\t\t\t<\/div>\n\t\t<\/section>\n\t\t\t\t\t<\/div>\n\t\t<\/div>\n\t\t\t\t\t<\/div>\n\t\t<\/section>\n\t\t\t\t<\/div>\n\t\t","protected":false},"excerpt":{"rendered":"<p>D\u011aTI, RODINA, L\u00c1SKA \u2013 P\u00c1RY 2100 K\u010d 1 hodina fotografov\u00e1n\u00ed \u2013 10 ks upraven\u00fdch fotografi\u00ed v elektronick\u00e9 podob\u011b ve dvou velikostech \/ pln\u00e9 rozli\u0161en\u00ed a zmen\u0161en\u00e9 na soci\u00e1ln\u00ed s\u00edt\u011b \/, ka\u017ed\u00e1 dal\u0161\u00ed fotografie 150,- \/ nad 20 ks ka\u017ed\u00e1 dal\u0161\u00ed 100,- \/ &#8211; 2100,- \u2026.. MIX \/ ateli\u00e9r + exteri\u00e9r \/ &#8211; 2800,- &#8230;.. v\u011bt\u0161inou [&hellip;]<\/p>\n","protected":false},"author":3,"featured_media":0,"parent":0,"menu_order":0,"comment_status":"closed","ping_status":"closed","template":"elementor_header_footer","meta":{"footnotes":""},"class_list":["post-143","page","type-page","status-publish","hentry"],"yoast_head":"<!-- This site is optimized with the Yoast SEO plugin v28.3 - https:\/\/yoast.com\/product\/yoast-seo-wordpress\/ -->\n<title>Cen\u00edk - Simona Velkoborsk\u00e1 - portr\u00e9tn\u00ed a svatebn\u00ed fotografka, focen\u00ed s vlky<\/title>\n<meta name=\"robots\" content=\"index, follow, max-snippet:-1, max-image-preview:large, max-video-preview:-1\" \/>\n<link rel=\"canonical\" href=\"https:\/\/www.simonavelkoborska.cz\/index.php\/cenik\/\" \/>\n<meta property=\"og:locale\" content=\"cs_CZ\" \/>\n<meta property=\"og:type\" content=\"article\" \/>\n<meta property=\"og:title\" content=\"Cen\u00edk - Simona Velkoborsk\u00e1 - portr\u00e9tn\u00ed a svatebn\u00ed fotografka, focen\u00ed s vlky\" \/>\n<meta property=\"og:description\" content=\"D\u011aTI, RODINA, L\u00c1SKA \u2013 P\u00c1RY 2100 K\u010d 1 hodina fotografov\u00e1n\u00ed \u2013 10 ks upraven\u00fdch fotografi\u00ed v elektronick\u00e9 podob\u011b ve dvou velikostech \/ pln\u00e9 rozli\u0161en\u00ed a zmen\u0161en\u00e9 na soci\u00e1ln\u00ed s\u00edt\u011b \/, ka\u017ed\u00e1 dal\u0161\u00ed fotografie 150,- \/ nad 20 ks ka\u017ed\u00e1 dal\u0161\u00ed 100,- \/ &#8211; 2100,- \u2026.. MIX \/ ateli\u00e9r + exteri\u00e9r \/ &#8211; 2800,- &#8230;.. v\u011bt\u0161inou [&hellip;]\" \/>\n<meta property=\"og:url\" content=\"https:\/\/www.simonavelkoborska.cz\/index.php\/cenik\/\" \/>\n<meta property=\"og:site_name\" content=\"Simona Velkoborsk\u00e1 - portr\u00e9tn\u00ed a svatebn\u00ed fotografka, focen\u00ed s vlky\" \/>\n<meta property=\"article:modified_time\" content=\"2021-06-22T14:57:27+00:00\" \/>\n<meta property=\"og:image\" content=\"https:\/\/simonavelkoborska.cz.uvds443.active24.cz\/wp-content\/uploads\/elementor\/thumbs\/RODINY-A-DETI-p74iqzmf4krhwtwu02oye7yyk7dukaoj805qwex19c.jpg\" \/>\n<meta name=\"twitter:card\" content=\"summary_large_image\" \/>\n<meta name=\"twitter:label1\" content=\"Odhadovan\u00e1 doba \u010dten\u00ed\" \/>\n\t<meta name=\"twitter:data1\" content=\"4 minuty\" \/>\n<script type=\"application\/ld+json\" class=\"yoast-schema-graph\">{\"@context\":\"https:\\\/\\\/schema.org\",\"@graph\":[{\"@type\":\"WebPage\",\"@id\":\"https:\\\/\\\/www.simonavelkoborska.cz\\\/index.php\\\/cenik\\\/\",\"url\":\"https:\\\/\\\/www.simonavelkoborska.cz\\\/index.php\\\/cenik\\\/\",\"name\":\"Cen\u00edk - Simona Velkoborsk\u00e1 - portr\u00e9tn\u00ed a svatebn\u00ed fotografka, focen\u00ed s vlky\",\"isPartOf\":{\"@id\":\"https:\\\/\\\/www.simonavelkoborska.cz\\\/#website\"},\"primaryImageOfPage\":{\"@id\":\"https:\\\/\\\/www.simonavelkoborska.cz\\\/index.php\\\/cenik\\\/#primaryimage\"},\"image\":{\"@id\":\"https:\\\/\\\/www.simonavelkoborska.cz\\\/index.php\\\/cenik\\\/#primaryimage\"},\"thumbnailUrl\":\"https:\\\/\\\/simonavelkoborska.cz.uvds443.active24.cz\\\/wp-content\\\/uploads\\\/elementor\\\/thumbs\\\/RODINY-A-DETI-p74iqzmf4krhwtwu02oye7yyk7dukaoj805qwex19c.jpg\",\"datePublished\":\"2021-05-15T19:15:30+00:00\",\"dateModified\":\"2021-06-22T14:57:27+00:00\",\"breadcrumb\":{\"@id\":\"https:\\\/\\\/www.simonavelkoborska.cz\\\/index.php\\\/cenik\\\/#breadcrumb\"},\"inLanguage\":\"cs\",\"potentialAction\":[{\"@type\":\"ReadAction\",\"target\":[\"https:\\\/\\\/www.simonavelkoborska.cz\\\/index.php\\\/cenik\\\/\"]}]},{\"@type\":\"ImageObject\",\"inLanguage\":\"cs\",\"@id\":\"https:\\\/\\\/www.simonavelkoborska.cz\\\/index.php\\\/cenik\\\/#primaryimage\",\"url\":\"https:\\\/\\\/simonavelkoborska.cz.uvds443.active24.cz\\\/wp-content\\\/uploads\\\/elementor\\\/thumbs\\\/RODINY-A-DETI-p74iqzmf4krhwtwu02oye7yyk7dukaoj805qwex19c.jpg\",\"contentUrl\":\"https:\\\/\\\/simonavelkoborska.cz.uvds443.active24.cz\\\/wp-content\\\/uploads\\\/elementor\\\/thumbs\\\/RODINY-A-DETI-p74iqzmf4krhwtwu02oye7yyk7dukaoj805qwex19c.jpg\"},{\"@type\":\"BreadcrumbList\",\"@id\":\"https:\\\/\\\/www.simonavelkoborska.cz\\\/index.php\\\/cenik\\\/#breadcrumb\",\"itemListElement\":[{\"@type\":\"ListItem\",\"position\":1,\"name\":\"Home\",\"item\":\"https:\\\/\\\/www.simonavelkoborska.cz\\\/\"},{\"@type\":\"ListItem\",\"position\":2,\"name\":\"Cen\u00edk\"}]},{\"@type\":\"WebSite\",\"@id\":\"https:\\\/\\\/www.simonavelkoborska.cz\\\/#website\",\"url\":\"https:\\\/\\\/www.simonavelkoborska.cz\\\/\",\"name\":\"Simona Velkoborsk\u00e1 - portr\u00e9tn\u00ed a svatebn\u00ed fotografka, focen\u00ed s vlky\",\"description\":\"Simona Velkoborsk\u00e1 - portr\u00e9tn\u00ed a svatebn\u00ed fotografka, focen\u00ed s vlky\",\"potentialAction\":[{\"@type\":\"SearchAction\",\"target\":{\"@type\":\"EntryPoint\",\"urlTemplate\":\"https:\\\/\\\/www.simonavelkoborska.cz\\\/?s={search_term_string}\"},\"query-input\":{\"@type\":\"PropertyValueSpecification\",\"valueRequired\":true,\"valueName\":\"search_term_string\"}}],\"inLanguage\":\"cs\"}]}<\/script>\n<!-- \/ Yoast SEO plugin. -->","yoast_head_json":{"title":"Cen\u00edk - Simona Velkoborsk\u00e1 - portr\u00e9tn\u00ed a svatebn\u00ed fotografka, focen\u00ed s vlky","robots":{"index":"index","follow":"follow","max-snippet":"max-snippet:-1","max-image-preview":"max-image-preview:large","max-video-preview":"max-video-preview:-1"},"canonical":"https:\/\/www.simonavelkoborska.cz\/index.php\/cenik\/","og_locale":"cs_CZ","og_type":"article","og_title":"Cen\u00edk - Simona Velkoborsk\u00e1 - portr\u00e9tn\u00ed a svatebn\u00ed fotografka, focen\u00ed s vlky","og_description":"D\u011aTI, RODINA, L\u00c1SKA \u2013 P\u00c1RY 2100 K\u010d 1 hodina fotografov\u00e1n\u00ed \u2013 10 ks upraven\u00fdch fotografi\u00ed v elektronick\u00e9 podob\u011b ve dvou velikostech \/ pln\u00e9 rozli\u0161en\u00ed a zmen\u0161en\u00e9 na soci\u00e1ln\u00ed s\u00edt\u011b \/, ka\u017ed\u00e1 dal\u0161\u00ed fotografie 150,- \/ nad 20 ks ka\u017ed\u00e1 dal\u0161\u00ed 100,- \/ &#8211; 2100,- \u2026.. MIX \/ ateli\u00e9r + exteri\u00e9r \/ &#8211; 2800,- &#8230;.. v\u011bt\u0161inou [&hellip;]","og_url":"https:\/\/www.simonavelkoborska.cz\/index.php\/cenik\/","og_site_name":"Simona Velkoborsk\u00e1 - portr\u00e9tn\u00ed a svatebn\u00ed fotografka, focen\u00ed s vlky","article_modified_time":"2021-06-22T14:57:27+00:00","og_image":[{"url":"https:\/\/simonavelkoborska.cz.uvds443.active24.cz\/wp-content\/uploads\/elementor\/thumbs\/RODINY-A-DETI-p74iqzmf4krhwtwu02oye7yyk7dukaoj805qwex19c.jpg","type":"","width":"","height":""}],"twitter_card":"summary_large_image","twitter_misc":{"Odhadovan\u00e1 doba \u010dten\u00ed":"4 minuty"},"schema":{"@context":"https:\/\/schema.org","@graph":[{"@type":"WebPage","@id":"https:\/\/www.simonavelkoborska.cz\/index.php\/cenik\/","url":"https:\/\/www.simonavelkoborska.cz\/index.php\/cenik\/","name":"Cen\u00edk - Simona Velkoborsk\u00e1 - portr\u00e9tn\u00ed a svatebn\u00ed fotografka, focen\u00ed s vlky","isPartOf":{"@id":"https:\/\/www.simonavelkoborska.cz\/#website"},"primaryImageOfPage":{"@id":"https:\/\/www.simonavelkoborska.cz\/index.php\/cenik\/#primaryimage"},"image":{"@id":"https:\/\/www.simonavelkoborska.cz\/index.php\/cenik\/#primaryimage"},"thumbnailUrl":"https:\/\/simonavelkoborska.cz.uvds443.active24.cz\/wp-content\/uploads\/elementor\/thumbs\/RODINY-A-DETI-p74iqzmf4krhwtwu02oye7yyk7dukaoj805qwex19c.jpg","datePublished":"2021-05-15T19:15:30+00:00","dateModified":"2021-06-22T14:57:27+00:00","breadcrumb":{"@id":"https:\/\/www.simonavelkoborska.cz\/index.php\/cenik\/#breadcrumb"},"inLanguage":"cs","potentialAction":[{"@type":"ReadAction","target":["https:\/\/www.simonavelkoborska.cz\/index.php\/cenik\/"]}]},{"@type":"ImageObject","inLanguage":"cs","@id":"https:\/\/www.simonavelkoborska.cz\/index.php\/cenik\/#primaryimage","url":"https:\/\/simonavelkoborska.cz.uvds443.active24.cz\/wp-content\/uploads\/elementor\/thumbs\/RODINY-A-DETI-p74iqzmf4krhwtwu02oye7yyk7dukaoj805qwex19c.jpg","contentUrl":"https:\/\/simonavelkoborska.cz.uvds443.active24.cz\/wp-content\/uploads\/elementor\/thumbs\/RODINY-A-DETI-p74iqzmf4krhwtwu02oye7yyk7dukaoj805qwex19c.jpg"},{"@type":"BreadcrumbList","@id":"https:\/\/www.simonavelkoborska.cz\/index.php\/cenik\/#breadcrumb","itemListElement":[{"@type":"ListItem","position":1,"name":"Home","item":"https:\/\/www.simonavelkoborska.cz\/"},{"@type":"ListItem","position":2,"name":"Cen\u00edk"}]},{"@type":"WebSite","@id":"https:\/\/www.simonavelkoborska.cz\/#website","url":"https:\/\/www.simonavelkoborska.cz\/","name":"Simona Velkoborsk\u00e1 - portr\u00e9tn\u00ed a svatebn\u00ed fotografka, focen\u00ed s vlky","description":"Simona Velkoborsk\u00e1 - portr\u00e9tn\u00ed a svatebn\u00ed fotografka, focen\u00ed s vlky","potentialAction":[{"@type":"SearchAction","target":{"@type":"EntryPoint","urlTemplate":"https:\/\/www.simonavelkoborska.cz\/?s={search_term_string}"},"query-input":{"@type":"PropertyValueSpecification","valueRequired":true,"valueName":"search_term_string"}}],"inLanguage":"cs"}]}},"_links":{"self":[{"href":"https:\/\/www.simonavelkoborska.cz\/index.php\/wp-json\/wp\/v2\/pages\/143","targetHints":{"allow":["GET"]}}],"collection":[{"href":"https:\/\/www.simonavelkoborska.cz\/index.php\/wp-json\/wp\/v2\/pages"}],"about":[{"href":"https:\/\/www.simonavelkoborska.cz\/index.php\/wp-json\/wp\/v2\/types\/page"}],"author":[{"embeddable":true,"href":"https:\/\/www.simonavelkoborska.cz\/index.php\/wp-json\/wp\/v2\/users\/3"}],"replies":[{"embeddable":true,"href":"https:\/\/www.simonavelkoborska.cz\/index.php\/wp-json\/wp\/v2\/comments?post=143"}],"version-history":[{"count":87,"href":"https:\/\/www.simonavelkoborska.cz\/index.php\/wp-json\/wp\/v2\/pages\/143\/revisions"}],"predecessor-version":[{"id":964,"href":"https:\/\/www.simonavelkoborska.cz\/index.php\/wp-json\/wp\/v2\/pages\/143\/revisions\/964"}],"wp:attachment":[{"href":"https:\/\/www.simonavelkoborska.cz\/index.php\/wp-json\/wp\/v2\/media?parent=143"}],"curies":[{"name":"wp","href":"https:\/\/api.w.org\/{rel}","templated":true}]}}